{"id":25,"date":"2023-01-31T14:27:19","date_gmt":"2023-01-31T14:27:19","guid":{"rendered":"https:\/\/jorgeoesterheld.com\/?page_id=25"},"modified":"2025-10-28T22:56:10","modified_gmt":"2025-10-29T01:56:10","slug":"quien-soy","status":"publish","type":"page","link":"https:\/\/jorgeoesterheld.com\/?page_id=25","title":{"rendered":"Qui\u00e9n soy"},"content":{"rendered":"\t\t<div data-elementor-type=\"wp-page\" data-elementor-id=\"25\" class=\"elementor elementor-25\">\n\t\t\t\t\t\t<section class=\"elementor-section elementor-top-section elementor-element elementor-element-7b1c6461 elementor-section-boxed elementor-section-height-default elementor-section-height-default\" data-id=\"7b1c6461\" data-element_type=\"section\">\n\t\t\t\t\t\t<div class=\"elementor-container elementor-column-gap-default\">\n\t\t\t\t\t<div class=\"elementor-column elementor-col-100 elementor-top-column elementor-element elementor-element-5e3b2eda\" data-id=\"5e3b2eda\" data-element_type=\"column\">\n\t\t\t<div class=\"elementor-widget-wrap elementor-element-populated\">\n\t\t\t\t\t\t<div class=\"elementor-element elementor-element-3cdf8ee elementor-widget elementor-widget-image\" data-id=\"3cdf8ee\" data-element_type=\"widget\" data-widget_type=\"image.default\">\n\t\t\t\t<div class=\"elementor-widget-container\">\n\t\t\t\t\t\t\t\t\t\t\t\t\t\t\t<img fetchpriority=\"high\" decoding=\"async\" width=\"945\" height=\"595\" src=\"https:\/\/jorgeoesterheld.com\/wp-content\/uploads\/2025\/10\/quien-soy.jpg\" class=\"attachment-full size-full wp-image-12273\" alt=\"\" srcset=\"https:\/\/jorgeoesterheld.com\/wp-content\/uploads\/2025\/10\/quien-soy.jpg 945w, https:\/\/jorgeoesterheld.com\/wp-content\/uploads\/2025\/10\/quien-soy-300x189.jpg 300w, https:\/\/jorgeoesterheld.com\/wp-content\/uploads\/2025\/10\/quien-soy-768x484.jpg 768w\" sizes=\"(max-width: 945px) 100vw, 945px\" \/>\t\t\t\t\t\t\t\t\t\t\t\t\t\t\t<\/div>\n\t\t\t\t<\/div>\n\t\t\t\t<div class=\"elementor-element elementor-element-7f513f20 elementor-widget elementor-widget-text-editor\" data-id=\"7f513f20\" data-element_type=\"widget\" data-widget_type=\"text-editor.default\">\n\t\t\t\t<div class=\"elementor-widget-container\">\n\t\t\t\t\t\t\t\t\t\n<p>\u00a0<\/p>\n<hr class=\"wp-block-separator has-alpha-channel-opacity\" \/>\n<h2 class=\"wp-block-heading\"><strong>Un poco de historia<\/strong><\/h2>\n\n<p class=\"has-medium-font-size\">Nac\u00ed en Buenos Aires, el 19 de Abril de 1948 y fui ordenado sacerdote el 27 de Marzo de 1976.<\/p>\n\n<p class=\"has-medium-font-size\">Estudi\u00e9 el primario en el Colegio La Salle, en Buenos Aires; y el secundario en el Colegio San Juan El Precursor, en San Isidro.<\/p>\n\n<p class=\"has-medium-font-size\">Mis estudios universitarios: Filosof\u00eda en el Colegio M\u00e1ximo de San Miguel, Provincia de Buenos Aires; Teolog\u00eda, en la Facultad de Teolog\u00eda Santo Tom\u00e1s de Aquino, Convento de Santo Domingo, Ciudad de Buenos Aires; y soy Licenciado en Ciencias Pol\u00edticas y Sociolog\u00eda, en la Pontificia Universidad de Salamanca, Madrid, Espa\u00f1a.<\/p>\n<hr class=\"wp-block-separator has-alpha-channel-opacity\" \/>\n<h3 class=\"wp-block-heading\"><strong>Publiqu\u00e9 ocho libros a los que se puede acceder\u00a0<a href=\"https:\/\/jorgeoesterheld.com\/?page_id=7592\" target=\"_blank\" rel=\"noreferrer noopener\">aqu\u00ed<\/a><\/strong><\/h3>\n\n<p class=\"has-medium-font-size\"><strong>Adem\u00e1s en colaboraci\u00f3n con otros autores publiqu\u00e9<\/strong>: \u201cLa Iglesia y la comunicaci\u00f3n ante el tercer milenio\u201d, ed. Paulinas 1997; \u201cHacia una comunicaci\u00f3n solidaria\u201d, ed. Conferencia Episcopal Argentina; \u201cComunicaci\u00f3n esperanza y solidaridad\u201d ed. Paulinas, 1999. \u201cIglesia y Comunicaci\u00f3n\u201d ed Universidad Cat\u00f3lica Argentina 2001; \u201c\u00bfD\u00f3nde estaba Dios?\u201d ed. Lumen 2005<\/p>\n<hr class=\"wp-block-separator has-alpha-channel-opacity\" \/>\n<h3 class=\"wp-block-heading has-nv-c-2-color has-text-color has-link-color wp-elements-b9353245824a195b1724939779cf0705\"><strong>Actividades actuales:<\/strong><\/h3>\n\n<p class=\"has-medium-font-size\">P\u00e1rroco parroquia\u00a0<a href=\"https:\/\/www.facebook.com\/Santiago-Apostol-y-San-Carlos-Borromeo-280877868703027\/\" target=\"_blank\" rel=\"noreferrer noopener\">Santiago ap\u00f3stol y San Carlos Borromeo<\/a>, Haedo, desde 2021<\/p>\n\n<p class=\"has-medium-font-size\">Vicario Judicial\u00a0<a href=\"https:\/\/diocesisdemoron.org.ar\/\" target=\"_blank\" rel=\"noreferrer noopener\">Di\u00f3cesis de Mor\u00f3n<\/a>\u00a0desde 2022<\/p>\n<hr class=\"wp-block-separator has-alpha-channel-opacity\" \/>\n<h3 class=\"wp-block-heading\"><strong>Algunas actividades anteriores:<\/strong><\/h3>\n\n<p class=\"has-medium-font-size\">P\u00e1rroco de la Parroquia Santa M\u00f3nica, Haedo, Di\u00f3cesis de Mor\u00f3n, 1983-1990.<\/p>\n\n<p class=\"has-medium-font-size\">P\u00e1rroco de la Parroquia San Judas Tadeo, Ituzaing\u00f3, Di\u00f3cesis de Mor\u00f3n, 1990-1995.<\/p>\n\n<p class=\"has-medium-font-size\">Representante Legal Colegio Primario y Secundario San Judas Tadeo, y Colegio Secundario Santa Mar\u00eda de Guadalupe, Ituzaing\u00f3, Bs. As., 1990-1995.<\/p>\n\n<p class=\"has-medium-font-size\">Vicario Episcopal de Laicos, de la Di\u00f3cesis de Mor\u00f3n, 1992-1995.<\/p>\n\n<p class=\"has-medium-font-size\">P\u00e1rroco de la Parroquia Santa M\u00f3nica, Haedo, Di\u00f3cesis de Mor\u00f3n 1995-2001.<\/p>\n\n<p class=\"has-medium-font-size\">Secretario Ejecutivo de la Comisi\u00f3n de Comunicaci\u00f3n Social de la Conferencia Episcopal Argentina, desde 1994 hasta 2003.<\/p>\n\n<p class=\"has-medium-font-size\">Vicario Episcopal para la Cultura de la di\u00f3cesis de Mor\u00f3n, 1999 hasta 2003.<\/p>\n\n<p class=\"has-medium-font-size\">Miembro del Consejo Directivo de la Fundaci\u00f3n Universidad de Mor\u00f3n, desde Octubre del 2000 hasta 2003.<\/p>\n\n<p class=\"has-medium-font-size\">Secretario Ejecutivo de la Comisi\u00f3n de Comunicaci\u00f3n Social de la Conferencia Episcopal Argentina, desde 2008 hasta 2014.<\/p>\n\n<p class=\"has-medium-font-size\">Responsable de la Oficina de Prensa de la Conferencia Episcopal desde 2002 hasta 2014.<\/p>\n\n<p class=\"has-medium-font-size\">P\u00e1rroco de la Parroquia Virgen de las Flores desde febrero 2001 a febrero 2016.<\/p>\n\n<p class=\"has-medium-font-size\">P\u00e1rroco de la Inmaculada Concepci\u00f3n del Buen Viaje, Catedral de Mor\u00f3n, 2016-2017<\/p>\n\n<p class=\"has-medium-font-size\">Administrador parroquial Parroquia Se\u00f1or del Milagro, Mor\u00f3n, 2017-2023<\/p>\n\n<p>\u00a0<\/p>\n\n<p class=\"has-medium-font-size\">Vicario General Di\u00f3cesis de Mor\u00f3n desde 2017-2022<\/p>\n\n<p>\u00a0<\/p>\n<hr class=\"wp-block-separator has-alpha-channel-opacity\" \/>\n<p>\u00a0<\/p>\n\n<p>\u00a0<\/p>\n\t\t\t\t\t\t\t\t<\/div>\n\t\t\t\t<\/div>\n\t\t\t\t\t<\/div>\n\t\t<\/div>\n\t\t\t\t\t<\/div>\n\t\t<\/section>\n\t\t\t\t<\/div>\n\t\t","protected":false},"excerpt":{"rendered":"<p>\u00a0 Un poco de historia Nac\u00ed en Buenos Aires, el 19 de Abril de 1948 y fui ordenado sacerdote el 27 de Marzo de 1976. Estudi\u00e9 el primario en el Colegio La Salle, en Buenos Aires; y el secundario en el Colegio San Juan El Precursor, en San Isidro. Mis estudios universitarios: Filosof\u00eda en el&hellip;&nbsp;<a href=\"https:\/\/jorgeoesterheld.com\/?page_id=25\" rel=\"bookmark\">Leer m\u00e1s &raquo;<span class=\"screen-reader-text\">Qui\u00e9n soy<\/span><\/a><\/p>\n","protected":false},"author":1,"featured_media":0,"parent":0,"menu_order":0,"comment_status":"closed","ping_status":"closed","template":"","meta":{"neve_meta_sidebar":"full-width","neve_meta_container":"contained","neve_meta_enable_content_width":"on","neve_meta_content_width":82,"neve_meta_title_alignment":"left","neve_meta_author_avatar":"","neve_post_elements_order":"","neve_meta_disable_header":"off","neve_meta_disable_footer":"","neve_meta_disable_title":"off","jetpack_post_was_ever_published":false,"footnotes":""},"class_list":["post-25","page","type-page","status-publish","hentry"],"jetpack_sharing_enabled":true,"_links":{"self":[{"href":"https:\/\/jorgeoesterheld.com\/index.php?rest_route=\/wp\/v2\/pages\/25","targetHints":{"allow":["GET"]}}],"collection":[{"href":"https:\/\/jorgeoesterheld.com\/index.php?rest_route=\/wp\/v2\/pages"}],"about":[{"href":"https:\/\/jorgeoesterheld.com\/index.php?rest_route=\/wp\/v2\/types\/page"}],"author":[{"embeddable":true,"href":"https:\/\/jorgeoesterheld.com\/index.php?rest_route=\/wp\/v2\/users\/1"}],"replies":[{"embeddable":true,"href":"https:\/\/jorgeoesterheld.com\/index.php?rest_route=%2Fwp%2Fv2%2Fcomments&post=25"}],"version-history":[{"count":23,"href":"https:\/\/jorgeoesterheld.com\/index.php?rest_route=\/wp\/v2\/pages\/25\/revisions"}],"predecessor-version":[{"id":12281,"href":"https:\/\/jorgeoesterheld.com\/index.php?rest_route=\/wp\/v2\/pages\/25\/revisions\/12281"}],"wp:attachment":[{"href":"https:\/\/jorgeoesterheld.com\/index.php?rest_route=%2Fwp%2Fv2%2Fmedia&parent=25"}],"curies":[{"name":"wp","href":"https:\/\/api.w.org\/{rel}","templated":true}]}}